{"id":900,"date":"2018-04-27T09:52:49","date_gmt":"2018-04-27T07:52:49","guid":{"rendered":"https:\/\/www.fisiomountain.com\/?page_id=900"},"modified":"2024-01-02T12:33:31","modified_gmt":"2024-01-02T10:33:31","slug":"inici","status":"publish","type":"page","link":"https:\/\/www.fisiomountain.com\/ca\/","title":{"rendered":"INICI"},"content":{"rendered":"<div class=\"wpb-content-wrapper\"><p>[vc_row css_animation=&#8221;&#8221; row_type=&#8221;row&#8221; use_row_as_full_screen_section=&#8221;no&#8221; type=&#8221;full_width&#8221; angled_section=&#8221;no&#8221; text_align=&#8221;left&#8221; background_image_as_pattern=&#8221;without_pattern&#8221;][vc_column][vc_single_image image=&#8221;17&#8243; img_size=&#8221;full&#8221; alignment=&#8221;center&#8221; qode_css_animation=&#8221;&#8221;][\/vc_column][\/vc_row][vc_row css_animation=&#8221;&#8221; row_type=&#8221;row&#8221; use_row_as_full_screen_section=&#8221;no&#8221; type=&#8221;grid&#8221; angled_section=&#8221;no&#8221; text_align=&#8221;left&#8221; background_image_as_pattern=&#8221;without_pattern&#8221; z_index=&#8221;&#8221; padding_top=&#8221;75&#8243; padding_bottom=&#8221;75&#8243;][vc_column][vc_column_text]<\/p>\n<h1>Equip de terapeutes especialistes en la salut esportiva<\/h1>\n<p>[\/vc_column_text][vc_empty_space height=&#8221;25&#8243;][vc_column_text]<\/p>\n<p style=\"text-align: left; font-family: 'Oswald', sans-serif; font-size: 24px; color: #b05307; font-weight: 400; line-height: 1;\">UN EQUIP DE FISIOTERAPEUTES I TERAPEUTES AMB UNA VISI\u00d3 GLOBAL<\/p>\n<p>[\/vc_column_text][vc_empty_space height=&#8221;75&#8243;][vc_row_inner row_type=&#8221;row&#8221; type=&#8221;full_width&#8221; text_align=&#8221;left&#8221; css_animation=&#8221;&#8221;][vc_column_inner width=&#8221;1\/2&#8243;][vc_column_text]FisioMountain t&#8217;ofereix <strong>t\u00e8cniques que s&#8217;adapten a la teva lesi\u00f3<\/strong> i la teva <strong>activitat esportiva<\/strong> per obtenir una <strong>recuperaci\u00f3 r\u00e0pida i efica\u00e7<\/strong>, <strong>evitant recaigudes<\/strong>. A FisioMountain la salut \u00e9s el m\u00e9s important, una <strong><strong>visi\u00f3 global<\/strong><\/strong> ens permet ajudar-te a aconseguir un rendiment \u00f2ptim i saludable. Descobreix les nostres t\u00e8cniques i <strong><strong>equip de professionals<\/strong>.<\/strong>[\/vc_column_text][vc_empty_space height=&#8221;25&#8243;]<a  itemprop=\"url\" href=\"\/ca\/tractaments-i-terapies\/\" target=\"_self\"  class=\"qbutton  default\" style=\"\">TRACTAMENTS I TER\u00c0PIES<\/a>[vc_empty_space height=&#8221;50&#8243;][\/vc_column_inner][vc_column_inner width=&#8221;1\/2&#8243;][vc_column_text]FisioMountain tamb\u00e9 organitza <strong>cursos<\/strong>, <strong>tallers<\/strong> i <strong>esdeveniments i activitats en plena natura:<\/strong> un temps i un espai per experimentar la <strong>cura de la salut de forma totalment natural<\/strong>. Vine a con\u00e8ixer el nostre entorn en ple Pirineu i gaudeix dels nostres retirs (consulta les ofertes disponibles a cada moment).[\/vc_column_text][vc_empty_space height=&#8221;25&#8243;]<a  itemprop=\"url\" href=\"\/ca\/cursos-tallers-i-esdeveniments\/\" target=\"_self\"  class=\"qbutton  default\" style=\"\">CURSOS, TALLERS I ESDEVENIMENTS<\/a>[\/vc_column_inner][\/vc_row_inner][\/vc_column][\/vc_row][vc_row css_animation=&#8221;&#8221; row_type=&#8221;row&#8221; use_row_as_full_screen_section=&#8221;no&#8221; type=&#8221;full_width&#8221; angled_section=&#8221;no&#8221; text_align=&#8221;left&#8221; background_image_as_pattern=&#8221;without_pattern&#8221;][vc_column][vc_separator type=&#8221;normal&#8221; color=&#8221;#3f7d76&#8243; thickness=&#8221;1&#8243; up=&#8221;0&#8243; down=&#8221;0&#8243;][\/vc_column][\/vc_row][vc_row css_animation=&#8221;&#8221; row_type=&#8221;row&#8221; use_row_as_full_screen_section=&#8221;no&#8221; type=&#8221;grid&#8221; angled_section=&#8221;no&#8221; text_align=&#8221;left&#8221; background_image_as_pattern=&#8221;without_pattern&#8221; z_index=&#8221;&#8221; padding_top=&#8221;75&#8243; padding_bottom=&#8221;75&#8243; anchor=&#8221;tratamientos-y-terapias&#8221;][vc_column][vc_column_text]<\/p>\n<h2>TRACTAMENTS I TER\u00c0PIES<\/h2>\n<p>[\/vc_column_text][vc_empty_space height=&#8221;75&#8243;][vc_row_inner row_type=&#8221;row&#8221; type=&#8221;full_width&#8221; text_align=&#8221;left&#8221; css_animation=&#8221;&#8221;][vc_column_inner width=&#8221;1\/4&#8243;][vc_single_image image=&#8221;489&#8243; img_size=&#8221;full&#8221; qode_css_animation=&#8221;&#8221;][vc_empty_space height=&#8221;25&#8243;][vc_column_text]<\/p>\n<h3>Tractaments<br \/>\nde fisioter\u00e0pia<\/h3>\n<p>[\/vc_column_text][vc_empty_space height=&#8221;50&#8243;][vc_column_text]La<strong>fisioter\u00e0pia<\/strong> actua a la <strong>prevenci\u00f3 i recuperaci\u00f3<\/strong> de la funcionalitat del cos. Els nostres tractaments de fisioter\u00e0pia estan enfocats per a una <strong>r\u00e0pida resoluci\u00f3 del problema<\/strong>, en analitzar <strong>quin ha estat l&#8217;origen<\/strong> i <strong>prevenir properes recaigudes<\/strong>. FisioMountain t&#8217;ofereix <strong>ter\u00e0pia manual<\/strong>, <strong>punci\u00f3 seca<\/strong>, <strong>vanatge neuromuscular<\/strong>, <strong>readaptaci\u00f3 esportiva<\/strong>, <strong>estiraments<\/strong> i <strong><strong>mobilitzacions<\/strong>, <strong>magnetoter\u00e0pia<\/strong>, <strong>tens<\/strong>, <strong>ultras\u00f2<\/strong> i <strong>electroestimulaci\u00f3<\/strong>.<\/strong>[\/vc_column_text][vc_empty_space height=&#8221;25&#8243;]<a  itemprop=\"url\" href=\"\/ca\/tractaments-i-terapies\/#fisioterapia\" target=\"_self\"  class=\"qbutton  default\" style=\"\">+ INFO FISIOTER\u00c0PIA<\/a>[vc_empty_space height=&#8221;75&#8243;][\/vc_column_inner][vc_column_inner width=&#8221;1\/4&#8243;][vc_single_image image=&#8221;497&#8243; img_size=&#8221;full&#8221; qode_css_animation=&#8221;&#8221;][vc_empty_space height=&#8221;25&#8243;][vc_column_text]<\/p>\n<h3>Ter\u00e0pies<br \/>\nnaturals<\/h3>\n<p>[\/vc_column_text][vc_empty_space height=&#8221;50&#8243;][vc_column_text]Les <strong>ter\u00e0pies naturals<\/strong> com la <strong>acupuntura<\/strong>, <strong>reflexoter\u00e0pia<\/strong>, <strong>craneosacral<\/strong>, <strong>massatge terap\u00e8utic<\/strong>, &lt; strong&gt;massatge relaxant, <strong>natura<\/strong>, <strong>banys de bosc<\/strong>, <strong>meditaci\u00f3\u2026<\/strong> s\u00f3n recursos ancestrals que tamb\u00e9 ens faciliten connectar amb estats d&#8217;\u00e0nim positius. <strong>Tot ajuda a la nostra recuperaci\u00f3<\/strong>.[\/vc_column_text][vc_empty_space height=&#8221;25&#8243;]<a  itemprop=\"url\" href=\"\/ca\/tractaments-i-terapies\/#terapias-naturales\" target=\"_self\"  class=\"qbutton  default\" style=\"\">+ INFO TER\u00c0PIES NATURALS<\/a>[vc_empty_space height=&#8221;75&#8243;][\/vc_column_inner][vc_column_inner width=&#8221;1\/4&#8243;][vc_single_image image=&#8221;505&#8243; img_size=&#8221;full&#8221; qode_css_animation=&#8221;&#8221;][vc_empty_space height=&#8221;25&#8243;][vc_column_text]<\/p>\n<h3>Gesti\u00f3<br \/>\nemocional<\/h3>\n<p>[\/vc_column_text][vc_empty_space height=&#8221;50&#8243;][vc_column_text]Sovint confonem el nostre format, el nostre disseny, amb la nostra pr\u00f2pia i aut\u00e8ntica naturalesa. <strong>\u201cSer o no ser\u201d<\/strong>, probablement aquest sigui el dilema. En el viatge per la vida podem aprofitar cada s\u00edmptoma f\u00edsic, an\u00edmic o mental per recon\u00e8ixer i acceptar-ne l&#8217;ess\u00e8ncia, el missatge. Si mirem i <strong>prenem consci\u00e8ncia dels nostres h\u00e0bits inconscients<\/strong>, <strong>perjudicials<\/strong> i <strong>autom\u00e0tics<\/strong>, estarem m\u00e9s a prop de<strong>alliberar-nos-en<\/strong> i per tant de <strong>retrobar el nostre equilibri i benestar<\/strong>.[\/vc_column_text][vc_empty_space height=&#8221;25&#8243;]<a  itemprop=\"url\" href=\"\/ca\/tractaments-i-terapies\/#gestion-emocional\" target=\"_self\"  class=\"qbutton  default\" style=\"\">+ INFO GESTI\u00d3 EMOCIONAL<\/a>[vc_empty_space height=&#8221;75&#8243;][\/vc_column_inner][vc_column_inner width=&#8221;1\/4&#8243;][vc_single_image image=&#8221;509&#8243; img_size=&#8221;full&#8221; qode_css_animation=&#8221;&#8221;][vc_empty_space height=&#8221;25&#8243;][vc_column_text]<\/p>\n<h3>Psicologia<br \/>\nSist\u00e8mica<\/h3>\n<p>[\/vc_column_text][vc_empty_space height=&#8221;50&#8243;][vc_column_text]<strong>FisioMountainPSICO<\/strong>, \u00e9s un servei terap\u00e8utic per a <strong>treballar qualsevol tema o conflicte<\/strong> que es tingui en relaci\u00f3 amb la vida personal i cap als altres\u2026 La idea \u00e9s <strong>obtenir eines i comprensions <\/strong> perqu\u00e8 es pugui <strong>realitzar el canvi que es vol<\/strong>, i buscar una possible sortida per a la resoluci\u00f3 del conflicte\u2026[\/vc_column_text][vc_empty_space height=&#8221;25&#8243;]<a  itemprop=\"url\" href=\"\/ca\/tractaments-i-terapies\/#psicologia\" target=\"_self\"  class=\"qbutton  default\" style=\"\">+ INFO PSICOLOGIA SIST\u00c8MICA<\/a>[\/vc_column_inner][\/vc_row_inner][\/vc_column][\/vc_row][vc_row css_animation=&#8221;&#8221; row_type=&#8221;row&#8221; use_row_as_full_screen_section=&#8221;no&#8221; type=&#8221;full_width&#8221; angled_section=&#8221;no&#8221; text_align=&#8221;left&#8221; background_image_as_pattern=&#8221;without_pattern&#8221;][vc_column]<div class=\"call_to_action normal\" style=\"background-color: #b05307;padding-top: 50px;padding-bottom: 50px;\"><div class=\"container_inner\"><div class=\"two_columns_75_25 clearfix\"><div class=\"text_wrapper column1\"><div class=\"call_to_action_text  font_size_inherit font_weight_inherit\" style=\"font-size:24px;font-weight: 600;\">Si tens dubtes sobre quin tractament o ter\u00e0pia necessites o quin \u00e9s el curs o taller que millor s&#8217;adapta a les teves necessitats, contacta&#8217;ns, t&#8217;assessorarem i donarem una soluci\u00f3 al teu cas.<\/div><\/div><div class=\"button_wrapper column2\"><a itemprop=\"url\" href=\"\/ca\/contacte\/\" class=\"qbutton white \" target=\"\" style=\"color: #ffffff;border-color: #ffffff;background-color: #b05307;\" data-hover-background-color=#000000 data-hover-border-color=#000000 data-hover-color=#ffffff>CONTACTA'NS<\/a><\/div><\/div><\/div><\/div>[\/vc_column][\/vc_row][vc_row css_animation=&#8221;&#8221; row_type=&#8221;row&#8221; use_row_as_full_screen_section=&#8221;no&#8221; type=&#8221;grid&#8221; angled_section=&#8221;no&#8221; text_align=&#8221;left&#8221; background_image_as_pattern=&#8221;without_pattern&#8221; z_index=&#8221;&#8221; padding_top=&#8221;75&#8243;][vc_column][vc_column_text]<\/p>\n<h2>CURSOS, TALLERS I ESDEVENIMENTS<\/h2>\n<p>[\/vc_column_text][\/vc_column][\/vc_row][vc_row css_animation=&#8221;&#8221; row_type=&#8221;row&#8221; use_row_as_full_screen_section=&#8221;no&#8221; type=&#8221;grid&#8221; angled_section=&#8221;no&#8221; text_align=&#8221;left&#8221; background_image_as_pattern=&#8221;without_pattern&#8221; z_index=&#8221;&#8221; padding_bottom=&#8221;75&#8243; padding_top=&#8221;75&#8243;][vc_column width=&#8221;1\/2&#8243;][qode_elements_holder number_of_columns=&#8221;one_column&#8221;][qode_elements_holder_item advanced_animations=&#8221;no&#8221; item_padding=&#8221;0px 50px 0px 0px&#8221;][vc_single_image image=&#8221;515&#8243; img_size=&#8221;full&#8221; qode_css_animation=&#8221;&#8221;][\/qode_elements_holder_item][\/qode_elements_holder][vc_empty_space height=&#8221;50&#8243;][\/vc_column][vc_column width=&#8221;1\/2&#8243;][vc_column_text]A FisioMountain tenim una \u00e0mplia gamma de <strong>cursos<\/strong>, <strong>tallers<\/strong> i <strong>esdeveniments<\/strong> relacionats no nom\u00e9s amb la <strong>salut f\u00edsica<\/strong>, sin\u00f3 tamb\u00e9 amb el <strong>benestar<\/strong> i la <strong>salut mental<\/strong>. Explora la nostra <strong>botiga de cursos<\/strong>, <strong>tallers<\/strong> i <strong>esdeveniments<\/strong> per trobar aquell que encaixa amb les teves necessitats.[\/vc_column_text][vc_empty_space height=&#8221;50&#8243;][vc_row_inner row_type=&#8221;row&#8221; type=&#8221;full_width&#8221; text_align=&#8221;left&#8221; css_animation=&#8221;&#8221;][vc_column_inner width=&#8221;1\/3&#8243;][vc_column_text]<\/p>\n<h3>Cursos<\/h3>\n<p>[\/vc_column_text][vc_empty_space height=&#8221;25&#8243;][vc_column_text]MioReset (presencial)<\/p>\n<p>MioReset (online)<\/p>\n<p>Qi Gong (presencial)<\/p>\n<p>Qi Gong (online)<\/p>\n<p>Reiki 1, 2, 3 i mestratge[\/vc_column_text][vc_empty_space height=&#8221;50&#8243;][\/vc_column_inner][vc_column_inner width=&#8221;1\/3&#8243;][vc_column_text]<\/p>\n<h3>Tallers<\/h3>\n<p>[\/vc_column_text][vc_empty_space height=&#8221;25&#8243;][vc_column_text]Constel\u00b7lacions Familiars<\/p>\n<p>Gravitoter\u00e0pia<\/p>\n<p>Hipopressius<\/p>\n<p>Mindfulness<\/p>\n<p>Qi Gong<\/p>\n<p>Reflexologia<\/p>\n<p>S\u00f2l P\u00e8lvic<\/p>\n<p>Alliberar la mand\u00edbula[\/vc_column_text][vc_empty_space height=&#8221;50&#8243;][\/vc_column_inner][vc_column_inner width=&#8221;1\/3&#8243;][vc_column_text]<\/p>\n<h3>Esdeveniments<\/h3>\n<p>[\/vc_column_text][vc_empty_space height=&#8221;25&#8243;][vc_column_text]Retir d&#8217;hivern<\/p>\n<p>Retir de primavera<\/p>\n<p>Retir d&#8217;estiu<\/p>\n<p>Retir de tardor[\/vc_column_text][vc_empty_space height=&#8221;50&#8243;][\/vc_column_inner][\/vc_row_inner][vc_column_text]<strong>IMPORTANT:<\/strong> no tots els cursos, tallers i esdeveniments estan en actiu o tenen dates disponibles. Per qualsevol dubte contacta amb nosaltres.[\/vc_column_text][vc_empty_space height=&#8221;50&#8243;]<a  itemprop=\"url\" href=\"\/ca\/cursos-tallers-i-esdeveniments\/\" target=\"_self\"  class=\"qbutton  default\" style=\"\">+ INFO CURSOS, TALLER I ESDEVENIMENTS<\/a>[\/vc_column][\/vc_row][vc_row css_animation=&#8221;&#8221; row_type=&#8221;row&#8221; use_row_as_full_screen_section=&#8221;no&#8221; type=&#8221;full_width&#8221; angled_section=&#8221;no&#8221; text_align=&#8221;left&#8221; background_image_as_pattern=&#8221;without_pattern&#8221;][vc_column][vc_separator type=&#8221;normal&#8221; color=&#8221;#3f7d76&#8243; thickness=&#8221;1&#8243; up=&#8221;0&#8243; down=&#8221;0&#8243;][\/vc_column][\/vc_row][vc_row css_animation=&#8221;&#8221; row_type=&#8221;row&#8221; use_row_as_full_screen_section=&#8221;no&#8221; type=&#8221;grid&#8221; angled_section=&#8221;no&#8221; text_align=&#8221;left&#8221; background_image_as_pattern=&#8221;without_pattern&#8221; z_index=&#8221;&#8221; padding_top=&#8221;75&#8243; padding_bottom=&#8221;75&#8243;][vc_column][vc_column_text]<\/p>\n<h2>PODEM AJUDAR-TE<\/h2>\n<p>[\/vc_column_text][vc_empty_space height=&#8221;15&#8243;][vc_column_text]<\/p>\n<p style=\"text-align: left; font-family: 'Oswald', sans-serif; font-size: 24px; color: #oooooo; font-weight: 400; line-height: 1;\">COM TERAPEUTES I PROFESSIONALS DE L&#8217;ESPORT, SABEM EL QUE NECESSITES<\/p>\n<p>[\/vc_column_text][vc_empty_space height=&#8221;75&#8243;][vc_row_inner row_type=&#8221;row&#8221; type=&#8221;full_width&#8221; text_align=&#8221;center&#8221; css_animation=&#8221;&#8221;][vc_column_inner width=&#8221;1\/5&#8243;]<span data-type=\"normal\" data-hover-icon-color=\"#b05307\" class=\"qode_icon_shortcode  q_font_awsome_icon fa-lg  \" style=\" \"><i class=\"qode_icon_font_awesome fa fa-heart qode_icon_element\" style=\"font-size: 75px;color: #b05307;\" ><\/i><\/span>[vc_empty_space height=&#8221;25&#8243;][vc_column_text]<\/p>\n<h3 style=\"text-align: center;\">El teu benestar,<br \/>\nla nostra passi\u00f3<\/h3>\n<p>[\/vc_column_text][vc_empty_space height=&#8221;25&#8243;][vc_column_text]<\/p>\n<div class=\"wpb_text_column wpb_content_element \">\n<div class=\"wpb_wrapper\">\n<p>Esportista, sigui quina sigui la teva necessitat, estem disposats a ajudar-te. El teu benestar \u00e9s la nostra missi\u00f3 i all\u00f2 que ens motiva cada dia a donar el millor de nosaltres.<\/p>\n<\/div>\n<\/div>\n<p>[\/vc_column_text][vc_empty_space height=&#8221;75&#8243;][\/vc_column_inner][vc_column_inner width=&#8221;1\/5&#8243;]<span data-type=\"normal\" data-hover-icon-color=\"#b05307\" class=\"qode_icon_shortcode  q_font_awsome_icon fa-lg  \" style=\" \"><i class=\"qode_icon_font_awesome fa fa-gear qode_icon_element\" style=\"font-size: 75px;color: #b05307;\" ><\/i><\/span>[vc_empty_space height=&#8221;25&#8243;][vc_column_text]<\/p>\n<h3 style=\"text-align: center;\">Si no existeix ho creem<\/h3>\n<p>[\/vc_column_text][vc_empty_space height=&#8221;25&#8243;][vc_column_text]<\/p>\n<div class=\"wpb_text_column wpb_content_element \">\n<div class=\"wpb_wrapper\">\n<p style=\"text-align: center;\">Acceptem el repte! Si penses que ho has provat tot i res t&#8217;ha funcionat truca&#8217;ns. Apropa&#8217;t al nostre enfocament multidisciplinar.<\/p>\n<\/div>\n<\/div>\n<p>[\/vc_column_text][vc_empty_space height=&#8221;75&#8243;][\/vc_column_inner][vc_column_inner width=&#8221;1\/5&#8243;]<span data-type=\"normal\" data-hover-icon-color=\"#b05307\" class=\"qode_icon_shortcode  q_font_awsome_icon fa-lg  \" style=\" \"><i class=\"qode_icon_font_awesome fa fa-barcode qode_icon_element\" style=\"font-size: 75px;color: #b05307;\" ><\/i><\/span>[vc_empty_space height=&#8221;25&#8243;][vc_column_text]<\/p>\n<h3 style=\"text-align: center;\">Fisio<br \/>\nbons<\/h3>\n<p>[\/vc_column_text][vc_empty_space height=&#8221;25&#8243;][vc_column_text]<\/p>\n<div class=\"wpb_text_column wpb_content_element \">\n<div class=\"wpb_wrapper\">\n<div class=\"wpb_text_column wpb_content_element \">\n<div class=\"wpb_wrapper\">\n<p style=\"text-align: center;\">A FisioMountain premiem els clients recurrents oferint-los un descompte per la compra de 5 o 10 sessions. Ideal per a tractaments!<\/p>\n<\/div>\n<\/div>\n<\/div>\n<\/div>\n<p>[\/vc_column_text][vc_empty_space height=&#8221;75&#8243;][\/vc_column_inner][vc_column_inner width=&#8221;1\/5&#8243;]<span data-type=\"normal\" data-hover-icon-color=\"#b05307\" class=\"qode_icon_shortcode  q_font_awsome_icon fa-lg  \" style=\" \"><i class=\"qode_icon_font_awesome fa fa-plus qode_icon_element\" style=\"font-size: 75px;color: #b05307;\" ><\/i><\/span>[vc_empty_space height=&#8221;25&#8243;][vc_column_text]<\/p>\n<h3 style=\"text-align: center;\">Servei<br \/>\nd&#8217;urg\u00e8ncies<\/h3>\n<p>[\/vc_column_text][vc_empty_space height=&#8221;25&#8243;][vc_column_text]<\/p>\n<div class=\"wpb_text_column wpb_content_element \">\n<div class=\"wpb_wrapper\">\n<div class=\"wpb_text_column wpb_content_element \">\n<div class=\"wpb_wrapper\">\n<p style=\"text-align: center;\">T&#8217;has trencat i necessites un tractament urgentment? No dubtis a trucar-nos.<\/p>\n<\/div>\n<\/div>\n<\/div>\n<\/div>\n<p>[\/vc_column_text][vc_empty_space height=&#8221;75&#8243;][\/vc_column_inner][vc_column_inner width=&#8221;1\/5&#8243;]<span data-type=\"normal\" data-hover-icon-color=\"#b05307\" class=\"qode_icon_shortcode  q_font_awsome_icon fa-lg  \" style=\" \"><i class=\"qode_icon_font_awesome fa fa-home qode_icon_element\" style=\"font-size: 75px;color: #b05307;\" ><\/i><\/span>[vc_empty_space height=&#8221;25&#8243;][vc_column_text]<\/p>\n<h3 style=\"text-align: center;\">Servei<br \/>\na domicili<\/h3>\n<p>[\/vc_column_text][vc_empty_space height=&#8221;25&#8243;][vc_column_text]<\/p>\n<div class=\"wpb_text_column wpb_content_element \">\n<div class=\"wpb_wrapper\">\n<p style=\"text-align: center;\">No pots venir a la consulta o sou un grup que desitgeu servei a domicili? Estarem encantats de visitar-vos.<\/p>\n<\/div>\n<\/div>\n<p>[\/vc_column_text][\/vc_column_inner][\/vc_row_inner][\/vc_column][\/vc_row][vc_row css_animation=&#8221;&#8221; row_type=&#8221;row&#8221; use_row_as_full_screen_section=&#8221;no&#8221; type=&#8221;full_width&#8221; angled_section=&#8221;no&#8221; text_align=&#8221;left&#8221; background_image_as_pattern=&#8221;without_pattern&#8221;][vc_column][vc_single_image image=&#8221;501&#8243; img_size=&#8221;full&#8221; alignment=&#8221;center&#8221; qode_css_animation=&#8221;&#8221;][\/vc_column][\/vc_row]<\/p>\n<\/div>","protected":false},"excerpt":{"rendered":"<p>[vc_row css_animation=&#8221;&#8221; row_type=&#8221;row&#8221; use_row_as_full_screen_section=&#8221;no&#8221; type=&#8221;full_width&#8221; angled_section=&#8221;no&#8221; text_align=&#8221;left&#8221; background_image_as_pattern=&#8221;without_pattern&#8221;][vc_column][vc_single_image image=&#8221;17&#8243; img_size=&#8221;full&#8221; alignment=&#8221;center&#8221; qode_css_animation=&#8221;&#8221;][\/vc_column][\/vc_row][vc_row css_animation=&#8221;&#8221; row_type=&#8221;row&#8221; use_row_as_full_screen_section=&#8221;no&#8221; type=&#8221;grid&#8221; angled_section=&#8221;no&#8221; text_align=&#8221;left&#8221; background_image_as_pattern=&#8221;without_pattern&#8221; z_index=&#8221;&#8221; padding_top=&#8221;75&#8243; padding_bottom=&#8221;75&#8243;][vc_column][vc_column_text] Equip de terapeutes especialistes en la salut esportiva [\/vc_column_text][vc_empty_space height=&#8221;25&#8243;][vc_column_text] UN EQUIP DE FISIOTERAPEUTES I TERAPEUTES AMB UNA VISI\u00d3 GLOBAL [\/vc_column_text][vc_empty_space height=&#8221;75&#8243;][vc_row_inner row_type=&#8221;row&#8221;&hellip; <a class=\"continue\" href=\"https:\/\/www.fisiomountain.com\/ca\/\">CONTINUAR >><span> INICI<\/span><\/a><\/p>\n","protected":false},"author":1,"featured_media":0,"parent":0,"menu_order":0,"comment_status":"closed","ping_status":"closed","template":"full_width.php","meta":{"footnotes":""},"class_list":["post-900","page","type-page","status-publish","hentry"],"_links":{"self":[{"href":"https:\/\/www.fisiomountain.com\/ca\/wp-json\/wp\/v2\/pages\/900","targetHints":{"allow":["GET"]}}],"collection":[{"href":"https:\/\/www.fisiomountain.com\/ca\/wp-json\/wp\/v2\/pages"}],"about":[{"href":"https:\/\/www.fisiomountain.com\/ca\/wp-json\/wp\/v2\/types\/page"}],"author":[{"embeddable":true,"href":"https:\/\/www.fisiomountain.com\/ca\/wp-json\/wp\/v2\/users\/1"}],"replies":[{"embeddable":true,"href":"https:\/\/www.fisiomountain.com\/ca\/wp-json\/wp\/v2\/comments?post=900"}],"version-history":[{"count":6,"href":"https:\/\/www.fisiomountain.com\/ca\/wp-json\/wp\/v2\/pages\/900\/revisions"}],"predecessor-version":[{"id":1252,"href":"https:\/\/www.fisiomountain.com\/ca\/wp-json\/wp\/v2\/pages\/900\/revisions\/1252"}],"wp:attachment":[{"href":"https:\/\/www.fisiomountain.com\/ca\/wp-json\/wp\/v2\/media?parent=900"}],"curies":[{"name":"wp","href":"https:\/\/api.w.org\/{rel}","templated":true}]}}